{"id":1981,"date":"2024-01-17T00:59:26","date_gmt":"2024-01-17T00:59:26","guid":{"rendered":"https:\/\/gruposalmeron.everestis.ppg.br\/energia\/?page_id=1981"},"modified":"2024-10-18T17:34:53","modified_gmt":"2024-10-18T17:34:53","slug":"biomassa","status":"publish","type":"page","link":"https:\/\/gruposalmeron.com.br\/energia\/biomassa\/","title":{"rendered":"Biomassa"},"content":{"rendered":"\t\t<div data-elementor-type=\"wp-page\" data-elementor-id=\"1981\" class=\"elementor elementor-1981\" data-elementor-settings=\"{&quot;ha_cmc_init_switcher&quot;:&quot;no&quot;}\" data-elementor-post-type=\"page\">\n\t\t\t\t<div class=\"elementor-element elementor-element-449901b e-flex e-con-boxed e-con e-parent\" data-id=\"449901b\" data-element_type=\"container\" data-settings=\"{&quot;background_background&quot;:&quot;classic&quot;,&quot;_ha_eqh_enable&quot;:false}\">\n\t\t\t\t\t<div class=\"e-con-inner\">\n\t\t\t\t<div class=\"elementor-element elementor-element-fc80d22 elementor-widget elementor-widget-heading\" data-id=\"fc80d22\" data-element_type=\"widget\" data-widget_type=\"heading.default\">\n\t\t\t\t<div class=\"elementor-widget-container\">\n\t\t\t\t\t<h2 class=\"elementor-heading-title elementor-size-default\">Somos especialistas <br>em Biomassa<\/h2>\t\t\t\t<\/div>\n\t\t\t\t<\/div>\n\t\t\t\t<div class=\"elementor-element elementor-element-ab4d411 elementor-widget elementor-widget-breadcrumbs\" data-id=\"ab4d411\" data-element_type=\"widget\" data-widget_type=\"breadcrumbs.default\">\n\t\t\t\t<div class=\"elementor-widget-container\">\n\t\t\t\t\t<p id=\"breadcrumbs\"><span><span><a href=\"https:\/\/gruposalmeron.com.br\/energia\/\">In\u00edcio<\/a><\/span><\/span><\/p>\t\t\t\t<\/div>\n\t\t\t\t<\/div>\n\t\t\t\t\t<\/div>\n\t\t\t\t<\/div>\n\t\t<div class=\"elementor-element elementor-element-ffbddc2 e-con-full e-flex e-con e-parent\" data-id=\"ffbddc2\" data-element_type=\"container\" data-settings=\"{&quot;_ha_eqh_enable&quot;:false}\">\n\t\t<div class=\"elementor-element elementor-element-92a29d2 e-con-full e-flex e-con e-child\" data-id=\"92a29d2\" data-element_type=\"container\" data-settings=\"{&quot;background_background&quot;:&quot;classic&quot;,&quot;_ha_eqh_enable&quot;:false}\">\n\t\t\t\t<div class=\"elementor-element elementor-element-b9755a7 elementor-widget elementor-widget-heading\" data-id=\"b9755a7\" data-element_type=\"widget\" data-widget_type=\"heading.default\">\n\t\t\t\t<div class=\"elementor-widget-container\">\n\t\t\t\t\t<h2 class=\"elementor-heading-title elementor-size-default\">Biomassa<\/h2>\t\t\t\t<\/div>\n\t\t\t\t<\/div>\n\t\t\t\t<div class=\"elementor-element elementor-element-223e846 elementor-widget elementor-widget-text-editor\" data-id=\"223e846\" data-element_type=\"widget\" data-widget_type=\"text-editor.default\">\n\t\t\t\t<div class=\"elementor-widget-container\">\n\t\t\t\t\t\t\t\t\t<ul><li>\u00c9 uma energia renov\u00e1vel;<\/li><li>Apresenta menor corros\u00e3o dos equipamentos;<\/li><li>N\u00e3o emite di\u00f3xido de carbono;<\/li><li>As emiss\u00f5es n\u00e3o contribuem para o efeito estufa;<\/li><li>Menor risco ambiental<\/li><\/ul>\t\t\t\t\t\t\t\t<\/div>\n\t\t\t\t<\/div>\n\t\t\t\t<\/div>\n\t\t<div class=\"elementor-element elementor-element-7ecc513 e-con-full e-flex e-con e-child\" data-id=\"7ecc513\" data-element_type=\"container\" data-settings=\"{&quot;background_background&quot;:&quot;classic&quot;,&quot;_ha_eqh_enable&quot;:false}\">\n\t\t\t\t<div class=\"elementor-element elementor-element-a8e8f85 elementor-widget elementor-widget-heading\" data-id=\"a8e8f85\" data-element_type=\"widget\" data-widget_type=\"heading.default\">\n\t\t\t\t<div class=\"elementor-widget-container\">\n\t\t\t\t\t<h2 class=\"elementor-heading-title elementor-size-default\">Biovapor<\/h2>\t\t\t\t<\/div>\n\t\t\t\t<\/div>\n\t\t\t\t<div class=\"elementor-element elementor-element-b27a74c elementor-widget elementor-widget-text-editor\" data-id=\"b27a74c\" data-element_type=\"widget\" data-widget_type=\"text-editor.default\">\n\t\t\t\t<div class=\"elementor-widget-container\">\n\t\t\t\t\t\t\t\t\t<ul><li>Baixo custo;<\/li><li>Menor risco ambiental;<\/li><li>Baixa emiss\u00e3o de gases do efeito estufa;<\/li><li>Fonte de recurso renov\u00e1vel;<\/li><li>Redu\u00e7\u00e3o do consumo de combust\u00edveis f\u00f3sseis.<\/li><\/ul>\t\t\t\t\t\t\t\t<\/div>\n\t\t\t\t<\/div>\n\t\t\t\t<\/div>\n\t\t<div class=\"elementor-element elementor-element-77b1eb1 e-con-full e-flex e-con e-child\" data-id=\"77b1eb1\" data-element_type=\"container\" data-settings=\"{&quot;background_background&quot;:&quot;classic&quot;,&quot;_ha_eqh_enable&quot;:false}\">\n\t\t\t\t<\/div>\n\t\t\t\t<\/div>\n\t\t<div class=\"elementor-element elementor-element-b3b01ea e-con-full e-flex e-con e-parent\" data-id=\"b3b01ea\" data-element_type=\"container\" data-settings=\"{&quot;_ha_eqh_enable&quot;:false}\">\n\t\t<div class=\"elementor-element elementor-element-0cf5a56 e-con-full e-flex e-con e-child\" data-id=\"0cf5a56\" data-element_type=\"container\" data-settings=\"{&quot;background_background&quot;:&quot;classic&quot;,&quot;_ha_eqh_enable&quot;:false}\">\n\t\t\t\t<\/div>\n\t\t<div class=\"elementor-element elementor-element-451c7ca e-con-full e-flex e-con e-child\" data-id=\"451c7ca\" data-element_type=\"container\" data-settings=\"{&quot;background_background&quot;:&quot;classic&quot;,&quot;_ha_eqh_enable&quot;:false}\">\n\t\t\t\t<div class=\"elementor-element elementor-element-09790a1 elementor-widget elementor-widget-image\" data-id=\"09790a1\" data-element_type=\"widget\" data-widget_type=\"image.default\">\n\t\t\t\t<div class=\"elementor-widget-container\">\n\t\t\t\t\t\t\t\t\t\t\t\t\t\t\t<img decoding=\"async\" width=\"276\" height=\"151\" src=\"https:\/\/gruposalmeron.com.br\/energia\/wp-content\/uploads\/2024\/01\/projetos-geracao-de-vapor-a-biomassa-1.webp\" class=\"attachment-large size-large wp-image-2013\" alt=\"\" \/>\t\t\t\t\t\t\t\t\t\t\t\t\t\t\t<\/div>\n\t\t\t\t<\/div>\n\t\t\t\t<div class=\"elementor-element elementor-element-bd219c0 elementor-widget elementor-widget-heading\" data-id=\"bd219c0\" data-element_type=\"widget\" data-widget_type=\"heading.default\">\n\t\t\t\t<div class=\"elementor-widget-container\">\n\t\t\t\t\t<h2 class=\"elementor-heading-title elementor-size-default\">Infraestrutura<\/h2>\t\t\t\t<\/div>\n\t\t\t\t<\/div>\n\t\t\t\t<div class=\"elementor-element elementor-element-3f37466 elementor-widget elementor-widget-text-editor\" data-id=\"3f37466\" data-element_type=\"widget\" data-widget_type=\"text-editor.default\">\n\t\t\t\t<div class=\"elementor-widget-container\">\n\t\t\t\t\t\t\t\t\t<ul><li class=\"wixui-rich-text__text\"><p class=\"font_8 wixui-rich-text__text\"><span class=\"wixui-rich-text__text\"><span class=\"wixui-rich-text__text\"><span class=\"color_11 wixui-rich-text__text\">240 milh\u00f5es investidos em tecnologia ambiental;<\/span><\/span><\/span><\/p><\/li><li class=\"wixui-rich-text__text\"><p class=\"font_8 wixui-rich-text__text\"><span class=\"wixui-rich-text__text\"><span class=\"wixui-rich-text__text\"><span class=\"color_11 wixui-rich-text__text\">30 equipamentos de grande porte (picadores, trituradores e m\u00e1quinas);<\/span><\/span><\/span><\/p><\/li><li class=\"wixui-rich-text__text\"><p class=\"font_8 wixui-rich-text__text\"><span class=\"wixui-rich-text__text\"><span class=\"wixui-rich-text__text\"><span class=\"color_11 wixui-rich-text__text\">+ de 20 unidades operacionais;<\/span><\/span><\/span><\/p><\/li><li class=\"wixui-rich-text__text\"><p class=\"font_8 wixui-rich-text__text\"><span class=\"wixui-rich-text__text\"><span class=\"wixui-rich-text__text\"><span class=\"color_11 wixui-rich-text__text\">+ de 300 funcion\u00e1rios;<\/span><\/span><\/span><\/p><\/li><li class=\"wixui-rich-text__text\"><p class=\"font_8 wixui-rich-text__text\"><span class=\"wixui-rich-text__text\"><span class=\"wixui-rich-text__text\"><span class=\"color_11 wixui-rich-text__text\">Frota pr\u00f3pria de 130 caminh\u00f5es;<\/span><\/span><\/span><\/p><\/li><li class=\"wixui-rich-text__text\"><p class=\"font_8 wixui-rich-text__text\"><span class=\"wixui-rich-text__text\"><span class=\"wixui-rich-text__text\"><span class=\"color_11 wixui-rich-text__text\">2000 ca\u00e7ambas para transporte e coleta;<\/span><\/span><\/span><\/p><\/li><li class=\"wixui-rich-text__text\"><p class=\"font_8 wixui-rich-text__text\"><span class=\"wixui-rich-text__text\"><span class=\"wixui-rich-text__text\"><span class=\"color_11 wixui-rich-text__text\">800 clientes satisfeitos.<\/span><\/span><\/span><\/p><\/li><\/ul>\t\t\t\t\t\t\t\t<\/div>\n\t\t\t\t<\/div>\n\t\t\t\t<\/div>\n\t\t\t\t<\/div>\n\t\t<div class=\"elementor-element elementor-element-8dc36af e-con-full e-flex e-con e-parent\" data-id=\"8dc36af\" data-element_type=\"container\" data-settings=\"{&quot;_ha_eqh_enable&quot;:false}\">\n\t\t<div class=\"elementor-element elementor-element-c83aee7 e-con-full e-flex e-con e-child\" data-id=\"c83aee7\" data-element_type=\"container\" data-settings=\"{&quot;background_background&quot;:&quot;classic&quot;,&quot;_ha_eqh_enable&quot;:false}\">\n\t\t\t\t<div class=\"elementor-element elementor-element-4f355e4 elementor-widget elementor-widget-heading\" data-id=\"4f355e4\" data-element_type=\"widget\" data-widget_type=\"heading.default\">\n\t\t\t\t<div class=\"elementor-widget-container\">\n\t\t\t\t\t<h2 class=\"elementor-heading-title elementor-size-default\">Ficou interessado? Preencha o formul\u00e1rio que entraremos em contato<\/h2>\t\t\t\t<\/div>\n\t\t\t\t<\/div>\n\t\t\t\t<div class=\"elementor-element elementor-element-fee09d9 elementor-widget elementor-widget-shortcode\" data-id=\"fee09d9\" data-element_type=\"widget\" data-widget_type=\"shortcode.default\">\n\t\t\t\t<div class=\"elementor-widget-container\">\n\t\t\t\t\t\t\t<div class=\"elementor-shortcode\"><\/div>\n\t\t\t\t\t\t<\/div>\n\t\t\t\t<\/div>\n\t\t\t\t<\/div>\n\t\t<div class=\"elementor-element elementor-element-233c618 e-con-full e-flex e-con e-child\" data-id=\"233c618\" data-element_type=\"container\" data-settings=\"{&quot;background_background&quot;:&quot;classic&quot;,&quot;_ha_eqh_enable&quot;:false}\">\n\t\t\t\t<div class=\"elementor-element elementor-element-0827a86 elementor-widget elementor-widget-image\" data-id=\"0827a86\" data-element_type=\"widget\" data-widget_type=\"image.default\">\n\t\t\t\t<div class=\"elementor-widget-container\">\n\t\t\t\t\t\t\t\t\t\t\t\t\t\t\t<img fetchpriority=\"high\" decoding=\"async\" width=\"786\" height=\"430\" src=\"https:\/\/gruposalmeron.com.br\/energia\/wp-content\/uploads\/2024\/01\/biomassa-reflorestamento.webp\" class=\"attachment-large size-large wp-image-2023\" alt=\"\" srcset=\"https:\/\/gruposalmeron.com.br\/energia\/wp-content\/uploads\/2024\/01\/biomassa-reflorestamento.webp 786w, https:\/\/gruposalmeron.com.br\/energia\/wp-content\/uploads\/2024\/01\/biomassa-reflorestamento-300x164.webp 300w, https:\/\/gruposalmeron.com.br\/energia\/wp-content\/uploads\/2024\/01\/biomassa-reflorestamento-768x420.webp 768w\" sizes=\"(max-width: 786px) 100vw, 786px\" \/>\t\t\t\t\t\t\t\t\t\t\t\t\t\t\t<\/div>\n\t\t\t\t<\/div>\n\t\t\t\t<\/div>\n\t\t\t\t<\/div>\n\t\t\t\t<\/div>\n\t\t","protected":false},"excerpt":{"rendered":"<p>Somos especialistas em Biomassa Biomassa \u00c9 uma energia renov\u00e1vel; Apresenta menor corros\u00e3o dos equipamentos; N\u00e3o emite di\u00f3xido de carbono; As emiss\u00f5es n\u00e3o contribuem para o efeito estufa; Menor risco ambiental Biovapor Baixo custo; Menor risco ambiental; Baixa emiss\u00e3o de gases do efeito estufa; Fonte de recurso renov\u00e1vel; Redu\u00e7\u00e3o do consumo de combust\u00edveis f\u00f3sseis. Infraestrutura 240 [&hellip;]<\/p>\n","protected":false},"author":1,"featured_media":0,"parent":0,"menu_order":0,"comment_status":"closed","ping_status":"closed","template":"","meta":{"footnotes":""},"class_list":["post-1981","page","type-page","status-publish","hentry"],"yoast_head":"<!-- This site is optimized with the Yoast SEO plugin v27.5 - https:\/\/yoast.com\/product\/yoast-seo-wordpress\/ -->\n<title>Biomassa - Biovapor | Grupo Salmeron - Fonte Renov\u00e1vel e Sustent\u00e1vel de Vapor<\/title>\n<meta name=\"robots\" content=\"index, follow, max-snippet:-1, max-image-preview:large, max-video-preview:-1\" \/>\n<link rel=\"canonical\" href=\"https:\/\/gruposalmeron.com.br\/energia\/biomassa\/\" \/>\n<meta property=\"og:locale\" content=\"pt_BR\" \/>\n<meta property=\"og:type\" content=\"article\" \/>\n<meta property=\"og:title\" content=\"Biomassa - Biovapor | Grupo Salmeron - Fonte Renov\u00e1vel e Sustent\u00e1vel de Vapor\" \/>\n<meta property=\"og:description\" content=\"Somos especialistas em Biomassa Biomassa \u00c9 uma energia renov\u00e1vel; Apresenta menor corros\u00e3o dos equipamentos; N\u00e3o emite di\u00f3xido de carbono; As emiss\u00f5es n\u00e3o contribuem para o efeito estufa; Menor risco ambiental Biovapor Baixo custo; Menor risco ambiental; Baixa emiss\u00e3o de gases do efeito estufa; Fonte de recurso renov\u00e1vel; Redu\u00e7\u00e3o do consumo de combust\u00edveis f\u00f3sseis. Infraestrutura 240 [&hellip;]\" \/>\n<meta property=\"og:url\" content=\"https:\/\/gruposalmeron.com.br\/energia\/biomassa\/\" \/>\n<meta property=\"og:site_name\" content=\"Biovapor | Grupo Salmeron - Fonte Renov\u00e1vel e Sustent\u00e1vel de Vapor\" \/>\n<meta property=\"article:publisher\" content=\"https:\/\/www.facebook.com\/gruposalmeron\/\" \/>\n<meta property=\"article:modified_time\" content=\"2024-10-18T17:34:53+00:00\" \/>\n<meta property=\"og:image\" content=\"https:\/\/gruposalmeron.com.br\/energia\/wp-content\/uploads\/2024\/01\/projetos-geracao-de-vapor-a-biomassa-1.webp\" \/>\n\t<meta property=\"og:image:width\" content=\"276\" \/>\n\t<meta property=\"og:image:height\" content=\"151\" \/>\n\t<meta property=\"og:image:type\" content=\"image\/webp\" \/>\n<meta name=\"twitter:card\" content=\"summary_large_image\" \/>\n<meta name=\"twitter:label1\" content=\"Est. tempo de leitura\" \/>\n\t<meta name=\"twitter:data1\" content=\"1 minuto\" \/>\n<script type=\"application\/ld+json\" class=\"yoast-schema-graph\">{\"@context\":\"https:\\\/\\\/schema.org\",\"@graph\":[{\"@type\":\"WebPage\",\"@id\":\"https:\\\/\\\/gruposalmeron.com.br\\\/energia\\\/biomassa\\\/\",\"url\":\"https:\\\/\\\/gruposalmeron.com.br\\\/energia\\\/biomassa\\\/\",\"name\":\"Biomassa - Biovapor | Grupo Salmeron - Fonte Renov\u00e1vel e Sustent\u00e1vel de Vapor\",\"isPartOf\":{\"@id\":\"https:\\\/\\\/gruposalmeron.com.br\\\/energia\\\/#website\"},\"primaryImageOfPage\":{\"@id\":\"https:\\\/\\\/gruposalmeron.com.br\\\/energia\\\/biomassa\\\/#primaryimage\"},\"image\":{\"@id\":\"https:\\\/\\\/gruposalmeron.com.br\\\/energia\\\/biomassa\\\/#primaryimage\"},\"thumbnailUrl\":\"https:\\\/\\\/gruposalmeron.com.br\\\/energia\\\/wp-content\\\/uploads\\\/2024\\\/01\\\/projetos-geracao-de-vapor-a-biomassa-1.webp\",\"datePublished\":\"2024-01-17T00:59:26+00:00\",\"dateModified\":\"2024-10-18T17:34:53+00:00\",\"breadcrumb\":{\"@id\":\"https:\\\/\\\/gruposalmeron.com.br\\\/energia\\\/biomassa\\\/#breadcrumb\"},\"inLanguage\":\"pt-BR\",\"potentialAction\":[{\"@type\":\"ReadAction\",\"target\":[\"https:\\\/\\\/gruposalmeron.com.br\\\/energia\\\/biomassa\\\/\"]}]},{\"@type\":\"ImageObject\",\"inLanguage\":\"pt-BR\",\"@id\":\"https:\\\/\\\/gruposalmeron.com.br\\\/energia\\\/biomassa\\\/#primaryimage\",\"url\":\"https:\\\/\\\/gruposalmeron.com.br\\\/energia\\\/wp-content\\\/uploads\\\/2024\\\/01\\\/projetos-geracao-de-vapor-a-biomassa-1.webp\",\"contentUrl\":\"https:\\\/\\\/gruposalmeron.com.br\\\/energia\\\/wp-content\\\/uploads\\\/2024\\\/01\\\/projetos-geracao-de-vapor-a-biomassa-1.webp\",\"width\":276,\"height\":151},{\"@type\":\"BreadcrumbList\",\"@id\":\"https:\\\/\\\/gruposalmeron.com.br\\\/energia\\\/biomassa\\\/#breadcrumb\",\"itemListElement\":[{\"@type\":\"ListItem\",\"position\":1,\"name\":\"In\u00edcio\",\"item\":\"https:\\\/\\\/gruposalmeron.com.br\\\/energia\\\/\"},{\"@type\":\"ListItem\",\"position\":2,\"name\":\"Biomassa\"}]},{\"@type\":\"WebSite\",\"@id\":\"https:\\\/\\\/gruposalmeron.com.br\\\/energia\\\/#website\",\"url\":\"https:\\\/\\\/gruposalmeron.com.br\\\/energia\\\/\",\"name\":\"Grupo Salmeron - Gest\u00e3o de Res\u00edduos - Reciclagem de Madeira\",\"description\":\"Biovapor | Grupo Salmeron - Fonte Renov\u00e1vel e Sustent\u00e1vel de Vapor\",\"publisher\":{\"@id\":\"https:\\\/\\\/gruposalmeron.com.br\\\/energia\\\/#organization\"},\"potentialAction\":[{\"@type\":\"SearchAction\",\"target\":{\"@type\":\"EntryPoint\",\"urlTemplate\":\"https:\\\/\\\/gruposalmeron.com.br\\\/energia\\\/?s={search_term_string}\"},\"query-input\":{\"@type\":\"PropertyValueSpecification\",\"valueRequired\":true,\"valueName\":\"search_term_string\"}}],\"inLanguage\":\"pt-BR\"},{\"@type\":\"Organization\",\"@id\":\"https:\\\/\\\/gruposalmeron.com.br\\\/energia\\\/#organization\",\"name\":\"Grupo Salmeron - Gest\u00e3o de Res\u00edduos - Reciclagem de Madeira\",\"url\":\"https:\\\/\\\/gruposalmeron.com.br\\\/energia\\\/\",\"logo\":{\"@type\":\"ImageObject\",\"inLanguage\":\"pt-BR\",\"@id\":\"https:\\\/\\\/gruposalmeron.com.br\\\/energia\\\/#\\\/schema\\\/logo\\\/image\\\/\",\"url\":\"https:\\\/\\\/gruposalmeron.com.br\\\/energia\\\/wp-content\\\/uploads\\\/2023\\\/12\\\/gruposalmeron-reciclagem-de-madeira.webp\",\"contentUrl\":\"https:\\\/\\\/gruposalmeron.com.br\\\/energia\\\/wp-content\\\/uploads\\\/2023\\\/12\\\/gruposalmeron-reciclagem-de-madeira.webp\",\"width\":156,\"height\":43,\"caption\":\"Grupo Salmeron - Gest\u00e3o de Res\u00edduos - Reciclagem de Madeira\"},\"image\":{\"@id\":\"https:\\\/\\\/gruposalmeron.com.br\\\/energia\\\/#\\\/schema\\\/logo\\\/image\\\/\"},\"sameAs\":[\"https:\\\/\\\/www.facebook.com\\\/gruposalmeron\\\/\"]}]}<\/script>\n<!-- \/ Yoast SEO plugin. -->","yoast_head_json":{"title":"Biomassa - Biovapor | Grupo Salmeron - Fonte Renov\u00e1vel e Sustent\u00e1vel de Vapor","robots":{"index":"index","follow":"follow","max-snippet":"max-snippet:-1","max-image-preview":"max-image-preview:large","max-video-preview":"max-video-preview:-1"},"canonical":"https:\/\/gruposalmeron.com.br\/energia\/biomassa\/","og_locale":"pt_BR","og_type":"article","og_title":"Biomassa - Biovapor | Grupo Salmeron - Fonte Renov\u00e1vel e Sustent\u00e1vel de Vapor","og_description":"Somos especialistas em Biomassa Biomassa \u00c9 uma energia renov\u00e1vel; Apresenta menor corros\u00e3o dos equipamentos; N\u00e3o emite di\u00f3xido de carbono; As emiss\u00f5es n\u00e3o contribuem para o efeito estufa; Menor risco ambiental Biovapor Baixo custo; Menor risco ambiental; Baixa emiss\u00e3o de gases do efeito estufa; Fonte de recurso renov\u00e1vel; Redu\u00e7\u00e3o do consumo de combust\u00edveis f\u00f3sseis. Infraestrutura 240 [&hellip;]","og_url":"https:\/\/gruposalmeron.com.br\/energia\/biomassa\/","og_site_name":"Biovapor | Grupo Salmeron - Fonte Renov\u00e1vel e Sustent\u00e1vel de Vapor","article_publisher":"https:\/\/www.facebook.com\/gruposalmeron\/","article_modified_time":"2024-10-18T17:34:53+00:00","og_image":[{"width":276,"height":151,"url":"https:\/\/gruposalmeron.com.br\/energia\/wp-content\/uploads\/2024\/01\/projetos-geracao-de-vapor-a-biomassa-1.webp","type":"image\/webp"}],"twitter_card":"summary_large_image","twitter_misc":{"Est. tempo de leitura":"1 minuto"},"schema":{"@context":"https:\/\/schema.org","@graph":[{"@type":"WebPage","@id":"https:\/\/gruposalmeron.com.br\/energia\/biomassa\/","url":"https:\/\/gruposalmeron.com.br\/energia\/biomassa\/","name":"Biomassa - Biovapor | Grupo Salmeron - Fonte Renov\u00e1vel e Sustent\u00e1vel de Vapor","isPartOf":{"@id":"https:\/\/gruposalmeron.com.br\/energia\/#website"},"primaryImageOfPage":{"@id":"https:\/\/gruposalmeron.com.br\/energia\/biomassa\/#primaryimage"},"image":{"@id":"https:\/\/gruposalmeron.com.br\/energia\/biomassa\/#primaryimage"},"thumbnailUrl":"https:\/\/gruposalmeron.com.br\/energia\/wp-content\/uploads\/2024\/01\/projetos-geracao-de-vapor-a-biomassa-1.webp","datePublished":"2024-01-17T00:59:26+00:00","dateModified":"2024-10-18T17:34:53+00:00","breadcrumb":{"@id":"https:\/\/gruposalmeron.com.br\/energia\/biomassa\/#breadcrumb"},"inLanguage":"pt-BR","potentialAction":[{"@type":"ReadAction","target":["https:\/\/gruposalmeron.com.br\/energia\/biomassa\/"]}]},{"@type":"ImageObject","inLanguage":"pt-BR","@id":"https:\/\/gruposalmeron.com.br\/energia\/biomassa\/#primaryimage","url":"https:\/\/gruposalmeron.com.br\/energia\/wp-content\/uploads\/2024\/01\/projetos-geracao-de-vapor-a-biomassa-1.webp","contentUrl":"https:\/\/gruposalmeron.com.br\/energia\/wp-content\/uploads\/2024\/01\/projetos-geracao-de-vapor-a-biomassa-1.webp","width":276,"height":151},{"@type":"BreadcrumbList","@id":"https:\/\/gruposalmeron.com.br\/energia\/biomassa\/#breadcrumb","itemListElement":[{"@type":"ListItem","position":1,"name":"In\u00edcio","item":"https:\/\/gruposalmeron.com.br\/energia\/"},{"@type":"ListItem","position":2,"name":"Biomassa"}]},{"@type":"WebSite","@id":"https:\/\/gruposalmeron.com.br\/energia\/#website","url":"https:\/\/gruposalmeron.com.br\/energia\/","name":"Grupo Salmeron - Gest\u00e3o de Res\u00edduos - Reciclagem de Madeira","description":"Biovapor | Grupo Salmeron - Fonte Renov\u00e1vel e Sustent\u00e1vel de Vapor","publisher":{"@id":"https:\/\/gruposalmeron.com.br\/energia\/#organization"},"potentialAction":[{"@type":"SearchAction","target":{"@type":"EntryPoint","urlTemplate":"https:\/\/gruposalmeron.com.br\/energia\/?s={search_term_string}"},"query-input":{"@type":"PropertyValueSpecification","valueRequired":true,"valueName":"search_term_string"}}],"inLanguage":"pt-BR"},{"@type":"Organization","@id":"https:\/\/gruposalmeron.com.br\/energia\/#organization","name":"Grupo Salmeron - Gest\u00e3o de Res\u00edduos - Reciclagem de Madeira","url":"https:\/\/gruposalmeron.com.br\/energia\/","logo":{"@type":"ImageObject","inLanguage":"pt-BR","@id":"https:\/\/gruposalmeron.com.br\/energia\/#\/schema\/logo\/image\/","url":"https:\/\/gruposalmeron.com.br\/energia\/wp-content\/uploads\/2023\/12\/gruposalmeron-reciclagem-de-madeira.webp","contentUrl":"https:\/\/gruposalmeron.com.br\/energia\/wp-content\/uploads\/2023\/12\/gruposalmeron-reciclagem-de-madeira.webp","width":156,"height":43,"caption":"Grupo Salmeron - Gest\u00e3o de Res\u00edduos - Reciclagem de Madeira"},"image":{"@id":"https:\/\/gruposalmeron.com.br\/energia\/#\/schema\/logo\/image\/"},"sameAs":["https:\/\/www.facebook.com\/gruposalmeron\/"]}]}},"_links":{"self":[{"href":"https:\/\/gruposalmeron.com.br\/energia\/wp-json\/wp\/v2\/pages\/1981","targetHints":{"allow":["GET"]}}],"collection":[{"href":"https:\/\/gruposalmeron.com.br\/energia\/wp-json\/wp\/v2\/pages"}],"about":[{"href":"https:\/\/gruposalmeron.com.br\/energia\/wp-json\/wp\/v2\/types\/page"}],"author":[{"embeddable":true,"href":"https:\/\/gruposalmeron.com.br\/energia\/wp-json\/wp\/v2\/users\/1"}],"replies":[{"embeddable":true,"href":"https:\/\/gruposalmeron.com.br\/energia\/wp-json\/wp\/v2\/comments?post=1981"}],"version-history":[{"count":12,"href":"https:\/\/gruposalmeron.com.br\/energia\/wp-json\/wp\/v2\/pages\/1981\/revisions"}],"predecessor-version":[{"id":2789,"href":"https:\/\/gruposalmeron.com.br\/energia\/wp-json\/wp\/v2\/pages\/1981\/revisions\/2789"}],"wp:attachment":[{"href":"https:\/\/gruposalmeron.com.br\/energia\/wp-json\/wp\/v2\/media?parent=1981"}],"curies":[{"name":"wp","href":"https:\/\/api.w.org\/{rel}","templated":true}]}}