{"id":2772,"date":"2024-01-27T15:45:44","date_gmt":"2024-01-27T15:45:44","guid":{"rendered":"https:\/\/gruposalmeron.everestis.ppg.br\/ambiental\/?page_id=2772"},"modified":"2025-06-12T15:46:19","modified_gmt":"2025-06-12T18:46:19","slug":"gestao-residuos-2","status":"publish","type":"page","link":"https:\/\/gruposalmeron.com.br\/ambiental\/gestao-residuos-2\/","title":{"rendered":"Gestao de Res\u00edduos"},"content":{"rendered":"\t\t<div data-elementor-type=\"wp-page\" data-elementor-id=\"2772\" class=\"elementor elementor-2772\" data-elementor-post-type=\"page\">\n\t\t\t\t<div class=\"elementor-element elementor-element-449901b e-flex e-con-boxed e-con e-parent\" data-id=\"449901b\" data-element_type=\"container\" data-e-type=\"container\" data-settings=\"{&quot;background_background&quot;:&quot;classic&quot;,&quot;ekit_has_onepagescroll_dot&quot;:&quot;yes&quot;}\">\n\t\t\t\t\t<div class=\"e-con-inner\">\n\t\t\t\t<div class=\"elementor-element elementor-element-fc80d22 elementor-widget elementor-widget-heading\" data-id=\"fc80d22\" data-element_type=\"widget\" data-e-type=\"widget\" data-settings=\"{&quot;ekit_we_effect_on&quot;:&quot;none&quot;}\" data-widget_type=\"heading.default\">\n\t\t\t\t<div class=\"elementor-widget-container\">\n\t\t\t\t\t<h2 class=\"elementor-heading-title elementor-size-default\">Gest\u00e3o Global de Res\u00edduos<\/h2>\t\t\t\t<\/div>\n\t\t\t\t<\/div>\n\t\t\t\t<div class=\"elementor-element elementor-element-ab4d411 elementor-widget elementor-widget-breadcrumbs\" data-id=\"ab4d411\" data-element_type=\"widget\" data-e-type=\"widget\" data-settings=\"{&quot;ekit_we_effect_on&quot;:&quot;none&quot;}\" data-widget_type=\"breadcrumbs.default\">\n\t\t\t\t<div class=\"elementor-widget-container\">\n\t\t\t\t\t<p id=\"breadcrumbs\"><span><span><a href=\"https:\/\/gruposalmeron.com.br\/ambiental\/\">In\u00edcio<\/a><\/span><\/span><\/p>\t\t\t\t<\/div>\n\t\t\t\t<\/div>\n\t\t\t\t\t<\/div>\n\t\t\t\t<\/div>\n\t\t<div class=\"elementor-element elementor-element-2189044 elementor-hidden-desktop elementor-hidden-tablet elementor-hidden-mobile e-flex e-con-boxed e-con e-parent\" data-id=\"2189044\" data-element_type=\"container\" data-e-type=\"container\" data-settings=\"{&quot;background_background&quot;:&quot;classic&quot;,&quot;sticky&quot;:&quot;top&quot;,&quot;sticky_offset&quot;:148,&quot;ekit_has_onepagescroll_dot&quot;:&quot;yes&quot;,&quot;sticky_on&quot;:[&quot;desktop&quot;,&quot;tablet&quot;,&quot;mobile&quot;],&quot;sticky_effects_offset&quot;:0,&quot;sticky_anchor_link_offset&quot;:0}\">\n\t\t\t\t\t<div class=\"e-con-inner\">\n\t\t\t\t<div class=\"elementor-element elementor-element-759863c elementor-nav-menu--dropdown-tablet elementor-nav-menu__text-align-aside elementor-nav-menu--toggle elementor-nav-menu--burger elementor-widget elementor-widget-nav-menu\" data-id=\"759863c\" data-element_type=\"widget\" data-e-type=\"widget\" data-settings=\"{&quot;layout&quot;:&quot;horizontal&quot;,&quot;submenu_icon&quot;:{&quot;value&quot;:&quot;&lt;svg aria-hidden=\\&quot;true\\&quot; class=\\&quot;e-font-icon-svg e-fas-caret-down\\&quot; viewBox=\\&quot;0 0 320 512\\&quot; xmlns=\\&quot;http:\\\/\\\/www.w3.org\\\/2000\\\/svg\\&quot;&gt;&lt;path d=\\&quot;M31.3 192h257.3c17.8 0 26.7 21.5 14.1 34.1L174.1 354.8c-7.8 7.8-20.5 7.8-28.3 0L17.2 226.1C4.6 213.5 13.5 192 31.3 192z\\&quot;&gt;&lt;\\\/path&gt;&lt;\\\/svg&gt;&quot;,&quot;library&quot;:&quot;fa-solid&quot;},&quot;toggle&quot;:&quot;burger&quot;,&quot;ekit_we_effect_on&quot;:&quot;none&quot;}\" data-widget_type=\"nav-menu.default\">\n\t\t\t\t<div class=\"elementor-widget-container\">\n\t\t\t\t\t\t\t\t<nav aria-label=\"Menu\" class=\"elementor-nav-menu--main elementor-nav-menu__container elementor-nav-menu--layout-horizontal e--pointer-underline e--animation-fade\">\n\t\t\t\t<ul id=\"menu-1-759863c\" class=\"elementor-nav-menu\"><li class=\"menu-item menu-item-type-custom menu-item-object-custom menu-item-2552\"><a href=\"https:\/\/gruposalmeron.com.br\/ambiental\/madeira\/#importancia\" class=\"elementor-item elementor-item-anchor\">Import\u00e2ncia<\/a><\/li>\n<li class=\"menu-item menu-item-type-custom menu-item-object-custom menu-item-2553\"><a href=\"https:\/\/gruposalmeron.com.br\/ambiental\/madeira\/#tipo-madeira\" class=\"elementor-item elementor-item-anchor\">Tipos de Madeira<\/a><\/li>\n<li class=\"menu-item menu-item-type-custom menu-item-object-custom menu-item-2554\"><a href=\"https:\/\/gruposalmeron.com.br\/ambiental\/madeira\/#coleta-transporte\" class=\"elementor-item elementor-item-anchor\">Coleta e Transportes<\/a><\/li>\n<li class=\"menu-item menu-item-type-custom menu-item-object-custom menu-item-2555\"><a href=\"https:\/\/gruposalmeron.com.br\/ambiental\/madeira\/#biomassa\" class=\"elementor-item elementor-item-anchor\">Biomassa<\/a><\/li>\n<li class=\"menu-item menu-item-type-custom menu-item-object-custom menu-item-2556\"><a href=\"https:\/\/gruposalmeron.com.br\/ambiental\/madeira\/#vantagens\" class=\"elementor-item elementor-item-anchor\">Vantagens<\/a><\/li>\n<li class=\"menu-item menu-item-type-custom menu-item-object-custom menu-item-2557\"><a href=\"https:\/\/gruposalmeron.com.br\/ambiental\/madeira\/#certificacoes\" class=\"elementor-item elementor-item-anchor\">Certifica\u00e7\u00f5es<\/a><\/li>\n<\/ul>\t\t\t<\/nav>\n\t\t\t\t\t<div class=\"elementor-menu-toggle\" role=\"button\" tabindex=\"0\" aria-label=\"Menu Toggle\" aria-expanded=\"false\">\n\t\t\t<svg aria-hidden=\"true\" role=\"presentation\" class=\"elementor-menu-toggle__icon--open e-font-icon-svg e-eicon-menu-bar\" viewBox=\"0 0 1000 1000\" xmlns=\"http:\/\/www.w3.org\/2000\/svg\"><path d=\"M104 333H896C929 333 958 304 958 271S929 208 896 208H104C71 208 42 237 42 271S71 333 104 333ZM104 583H896C929 583 958 554 958 521S929 458 896 458H104C71 458 42 487 42 521S71 583 104 583ZM104 833H896C929 833 958 804 958 771S929 708 896 708H104C71 708 42 737 42 771S71 833 104 833Z\"><\/path><\/svg><svg aria-hidden=\"true\" role=\"presentation\" class=\"elementor-menu-toggle__icon--close e-font-icon-svg e-eicon-close\" viewBox=\"0 0 1000 1000\" xmlns=\"http:\/\/www.w3.org\/2000\/svg\"><path d=\"M742 167L500 408 258 167C246 154 233 150 217 150 196 150 179 158 167 167 154 179 150 196 150 212 150 229 154 242 171 254L408 500 167 742C138 771 138 800 167 829 196 858 225 858 254 829L496 587 738 829C750 842 767 846 783 846 800 846 817 842 829 829 842 817 846 804 846 783 846 767 842 750 829 737L588 500 833 258C863 229 863 200 833 171 804 137 775 137 742 167Z\"><\/path><\/svg>\t\t<\/div>\n\t\t\t\t\t<nav class=\"elementor-nav-menu--dropdown elementor-nav-menu__container\" aria-hidden=\"true\">\n\t\t\t\t<ul id=\"menu-2-759863c\" class=\"elementor-nav-menu\"><li class=\"menu-item menu-item-type-custom menu-item-object-custom menu-item-2552\"><a href=\"https:\/\/gruposalmeron.com.br\/ambiental\/madeira\/#importancia\" class=\"elementor-item elementor-item-anchor\" tabindex=\"-1\">Import\u00e2ncia<\/a><\/li>\n<li class=\"menu-item menu-item-type-custom menu-item-object-custom menu-item-2553\"><a href=\"https:\/\/gruposalmeron.com.br\/ambiental\/madeira\/#tipo-madeira\" class=\"elementor-item elementor-item-anchor\" tabindex=\"-1\">Tipos de Madeira<\/a><\/li>\n<li class=\"menu-item menu-item-type-custom menu-item-object-custom menu-item-2554\"><a href=\"https:\/\/gruposalmeron.com.br\/ambiental\/madeira\/#coleta-transporte\" class=\"elementor-item elementor-item-anchor\" tabindex=\"-1\">Coleta e Transportes<\/a><\/li>\n<li class=\"menu-item menu-item-type-custom menu-item-object-custom menu-item-2555\"><a href=\"https:\/\/gruposalmeron.com.br\/ambiental\/madeira\/#biomassa\" class=\"elementor-item elementor-item-anchor\" tabindex=\"-1\">Biomassa<\/a><\/li>\n<li class=\"menu-item menu-item-type-custom menu-item-object-custom menu-item-2556\"><a href=\"https:\/\/gruposalmeron.com.br\/ambiental\/madeira\/#vantagens\" class=\"elementor-item elementor-item-anchor\" tabindex=\"-1\">Vantagens<\/a><\/li>\n<li class=\"menu-item menu-item-type-custom menu-item-object-custom menu-item-2557\"><a href=\"https:\/\/gruposalmeron.com.br\/ambiental\/madeira\/#certificacoes\" class=\"elementor-item elementor-item-anchor\" tabindex=\"-1\">Certifica\u00e7\u00f5es<\/a><\/li>\n<\/ul>\t\t\t<\/nav>\n\t\t\t\t\t\t<\/div>\n\t\t\t\t<\/div>\n\t\t\t\t\t<\/div>\n\t\t\t\t<\/div>\n\t\t<div class=\"elementor-element elementor-element-ffbddc2 e-con-full e-flex e-con e-parent\" data-id=\"ffbddc2\" data-element_type=\"container\" data-e-type=\"container\" data-settings=\"{&quot;ekit_has_onepagescroll_dot&quot;:&quot;yes&quot;}\">\n\t\t<div class=\"elementor-element elementor-element-92a29d2 e-con-full e-flex e-con e-child\" data-id=\"92a29d2\" data-element_type=\"container\" data-e-type=\"container\" data-settings=\"{&quot;background_background&quot;:&quot;classic&quot;,&quot;ekit_has_onepagescroll_dot&quot;:&quot;yes&quot;}\">\n\t\t\t\t<div class=\"elementor-element elementor-element-bd219c0 elementor-widget elementor-widget-heading\" data-id=\"bd219c0\" data-element_type=\"widget\" data-e-type=\"widget\" data-settings=\"{&quot;ekit_we_effect_on&quot;:&quot;none&quot;}\" data-widget_type=\"heading.default\">\n\t\t\t\t<div class=\"elementor-widget-container\">\n\t\t\t\t\t<h2 class=\"elementor-heading-title elementor-size-default\">\nGerenciamento de Res\u00edduos Industriais<\/h2>\t\t\t\t<\/div>\n\t\t\t\t<\/div>\n\t\t\t\t<div class=\"elementor-element elementor-element-e953e53 elementor-widget elementor-widget-text-editor\" data-id=\"e953e53\" data-element_type=\"widget\" data-e-type=\"widget\" data-settings=\"{&quot;ekit_we_effect_on&quot;:&quot;none&quot;}\" data-widget_type=\"text-editor.default\">\n\t\t\t\t<div class=\"elementor-widget-container\">\n\t\t\t\t\t\t\t\t\t<p class=\"font_8 wixui-rich-text__text\"><span class=\"wixui-rich-text__text\">A Salmeron Ambiental realiza a gest\u00e3o completa de res\u00edduos industriais. Com mais de 40 anos de experi\u00eancia no mercado, garantimos a destina\u00e7\u00e3o correta e respons\u00e1vel dos res\u00edduos gerados por sua empresa.<\/span><\/p><p class=\"font_8 wixui-rich-text__text\"><span class=\"wixui-rich-text__text\"><span class=\"wixGuard wixui-rich-text__text\">\u200b<\/span><\/span><span class=\"wixui-rich-text__text\">O gerenciamento de res\u00edduos industriais da Salmeron atua desde o armazenamento, coleta, transporte, classifica\u00e7\u00e3o e beneficiamento para a reciclagem.\u00a0<\/span><\/p><p class=\"font_8 wixui-rich-text__text\"><span class=\"wixGuard wixui-rich-text__text\">\u200b<\/span>Contamos com uma equipe capacitada, log\u00edstica de ampla capacidade e equipamentos modernos para atender nossos clientes de forma flex\u00edvel, de acordo com suas necessidades.\u00a0<\/p>\t\t\t\t\t\t\t\t<\/div>\n\t\t\t\t<\/div>\n\t\t\t\t<\/div>\n\t\t<div class=\"elementor-element elementor-element-7ecc513 e-con-full e-flex e-con e-child\" data-id=\"7ecc513\" data-element_type=\"container\" data-e-type=\"container\" data-settings=\"{&quot;background_background&quot;:&quot;classic&quot;,&quot;ekit_has_onepagescroll_dot&quot;:&quot;yes&quot;}\">\n\t\t\t\t<\/div>\n\t\t\t\t<\/div>\n\t\t<div class=\"elementor-element elementor-element-b3b01ea e-con-full e-flex e-con e-parent\" data-id=\"b3b01ea\" data-element_type=\"container\" data-e-type=\"container\" data-settings=\"{&quot;ekit_has_onepagescroll_dot&quot;:&quot;yes&quot;}\">\n\t\t<div class=\"elementor-element elementor-element-0cf5a56 e-con-full e-flex e-con e-child\" data-id=\"0cf5a56\" data-element_type=\"container\" data-e-type=\"container\" id=\"importancia\" data-settings=\"{&quot;background_background&quot;:&quot;classic&quot;,&quot;ekit_has_onepagescroll_dot&quot;:&quot;yes&quot;}\">\n\t\t\t\t<\/div>\n\t\t<div class=\"elementor-element elementor-element-451c7ca e-con-full e-flex e-con e-child\" data-id=\"451c7ca\" data-element_type=\"container\" data-e-type=\"container\" data-settings=\"{&quot;background_background&quot;:&quot;classic&quot;,&quot;ekit_has_onepagescroll_dot&quot;:&quot;yes&quot;}\">\n\t\t\t\t<div class=\"elementor-element elementor-element-474c3c4 elementor-widget elementor-widget-heading\" data-id=\"474c3c4\" data-element_type=\"widget\" data-e-type=\"widget\" data-settings=\"{&quot;ekit_we_effect_on&quot;:&quot;none&quot;}\" data-widget_type=\"heading.default\">\n\t\t\t\t<div class=\"elementor-widget-container\">\n\t\t\t\t\t<h2 class=\"elementor-heading-title elementor-size-default\">Nossos diferenciais<\/h2>\t\t\t\t<\/div>\n\t\t\t\t<\/div>\n\t\t\t\t<div class=\"elementor-element elementor-element-7e6910a elementor-widget elementor-widget-text-editor\" data-id=\"7e6910a\" data-element_type=\"widget\" data-e-type=\"widget\" data-settings=\"{&quot;ekit_we_effect_on&quot;:&quot;none&quot;}\" data-widget_type=\"text-editor.default\">\n\t\t\t\t<div class=\"elementor-widget-container\">\n\t\t\t\t\t\t\t\t\t<ol class=\"font_8 color_15 wixui-rich-text__text\"><li class=\"wixui-rich-text__text\"><p class=\"font_8 wixui-rich-text__text\"><span class=\"wixui-rich-text__text\"><span class=\"color_15 wixui-rich-text__text\">\u00a0Experi\u00eancia de mais de 40 anos de mercado<\/span><\/span><\/p><\/li><li class=\"wixui-rich-text__text\"><p class=\"font_8 wixui-rich-text__text\"><span class=\"wixui-rich-text__text\"><span class=\"color_15 wixui-rich-text__text\">17 unidades operacionais pelo Brasil<\/span><\/span><\/p><\/li><li class=\"wixui-rich-text__text\"><p class=\"font_8 wixui-rich-text__text\"><span class=\"wixui-rich-text__text\"><span class=\"color_15 wixui-rich-text__text\">Log\u00edstica de ampla capacidade\u00a0<\/span><\/span><\/p><\/li><li class=\"wixui-rich-text__text\"><p class=\"font_8 wixui-rich-text__text\"><span class=\"wixui-rich-text__text\"><span class=\"color_15 wixui-rich-text__text\">Equipamentos novos e de alta tecnologia\u00a0<\/span><\/span><\/p><\/li><li class=\"wixui-rich-text__text\"><p class=\"font_8 wixui-rich-text__text\"><span class=\"wixui-rich-text__text\"><span class=\"color_15 wixui-rich-text__text\">Frota pr\u00f3pria, moderna e abastecida \u00e0 Biodiesel\u00a0<\/span><\/span><\/p><\/li><li class=\"wixui-rich-text__text\"><p class=\"font_8 wixui-rich-text__text\"><span class=\"wixui-rich-text__text\"><span class=\"color_15 wixui-rich-text__text\">Certifica\u00e7\u00e3o de destina\u00e7\u00e3o dos res\u00edduos<\/span><\/span><\/p><\/li><li class=\"wixui-rich-text__text\"><p class=\"font_8 wixui-rich-text__text\"><span class=\"wixui-rich-text__text\"><span class=\"color_15 wixui-rich-text__text\">Programa Aterro Zero\u00a0<\/span><\/span><\/p><\/li><li class=\"wixui-rich-text__text\"><p class=\"font_8 wixui-rich-text__text\"><span class=\"wixui-rich-text__text\"><span class=\"color_15 wixui-rich-text__text\">Trabalhamos com todos os tipos de res\u00edduos<\/span><\/span><\/p><\/li><li class=\"wixui-rich-text__text\"><p class=\"font_8 wixui-rich-text__text\"><span class=\"wixui-rich-text__text\"><span class=\"color_15 wixui-rich-text__text\">Flexibilidade no atendimento de sua demanda<\/span><\/span><\/p><\/li><li class=\"wixui-rich-text__text\"><p class=\"font_8 wixui-rich-text__text\"><span class=\"wixui-rich-text__text\"><span class=\"color_15 wixui-rich-text__text\">Agilidade nas coletas<\/span><\/span><\/p><\/li><\/ol>\t\t\t\t\t\t\t\t<\/div>\n\t\t\t\t<\/div>\n\t\t\t\t<\/div>\n\t\t<div class=\"elementor-element elementor-element-7b555f2 e-con-full e-flex e-con e-child\" data-id=\"7b555f2\" data-element_type=\"container\" data-e-type=\"container\" data-settings=\"{&quot;background_background&quot;:&quot;classic&quot;,&quot;ekit_has_onepagescroll_dot&quot;:&quot;yes&quot;}\">\n\t\t\t\t<\/div>\n\t\t\t\t<\/div>\n\t\t<div class=\"elementor-element elementor-element-88527b2 elementor-hidden-desktop elementor-hidden-tablet elementor-hidden-mobile e-flex e-con-boxed e-con e-parent\" data-id=\"88527b2\" data-element_type=\"container\" data-e-type=\"container\" data-settings=\"{&quot;ekit_has_onepagescroll_dot&quot;:&quot;yes&quot;}\">\n\t\t\t\t\t<div class=\"e-con-inner\">\n\t\t\t\t<div class=\"elementor-element elementor-element-1deffa3 elementor-widget elementor-widget-heading\" data-id=\"1deffa3\" data-element_type=\"widget\" data-e-type=\"widget\" data-settings=\"{&quot;ekit_we_effect_on&quot;:&quot;none&quot;}\" data-widget_type=\"heading.default\">\n\t\t\t\t<div class=\"elementor-widget-container\">\n\t\t\t\t\t<h2 class=\"elementor-heading-title elementor-size-default\">Por que contratar a Salmeron?<\/h2>\t\t\t\t<\/div>\n\t\t\t\t<\/div>\n\t\t\t\t<div class=\"elementor-element elementor-element-4e5d5ee elementor-widget elementor-widget-n-accordion\" data-id=\"4e5d5ee\" data-element_type=\"widget\" data-e-type=\"widget\" data-settings=\"{&quot;default_state&quot;:&quot;expanded&quot;,&quot;max_items_expended&quot;:&quot;one&quot;,&quot;n_accordion_animation_duration&quot;:{&quot;unit&quot;:&quot;ms&quot;,&quot;size&quot;:400,&quot;sizes&quot;:[]},&quot;ekit_we_effect_on&quot;:&quot;none&quot;}\" data-widget_type=\"nested-accordion.default\">\n\t\t\t\t<div class=\"elementor-widget-container\">\n\t\t\t\t\t\t\t<div class=\"e-n-accordion\" aria-label=\"Accordion. Open links with Enter or Space, close with Escape, and navigate with Arrow Keys\">\n\t\t\t\t\t\t<details id=\"e-n-accordion-item-8210\" class=\"e-n-accordion-item\" open>\n\t\t\t\t<summary class=\"e-n-accordion-item-title\" data-accordion-index=\"1\" tabindex=\"0\" aria-expanded=\"true\" aria-controls=\"e-n-accordion-item-8210\" >\n\t\t\t\t\t<span class='e-n-accordion-item-title-header'><div class=\"e-n-accordion-item-title-text\"> A energia a biovapor \u00e9 sustent\u00e1vel? <\/div><\/span>\n\t\t\t\t\t\t\t<span class='e-n-accordion-item-title-icon'>\n\t\t\t<span class='e-opened' ><svg aria-hidden=\"true\" class=\"e-font-icon-svg e-fas-minus\" viewBox=\"0 0 448 512\" xmlns=\"http:\/\/www.w3.org\/2000\/svg\"><path d=\"M416 208H32c-17.67 0-32 14.33-32 32v32c0 17.67 14.33 32 32 32h384c17.67 0 32-14.33 32-32v-32c0-17.67-14.33-32-32-32z\"><\/path><\/svg><\/span>\n\t\t\t<span class='e-closed'><svg aria-hidden=\"true\" class=\"e-font-icon-svg e-fas-plus\" viewBox=\"0 0 448 512\" xmlns=\"http:\/\/www.w3.org\/2000\/svg\"><path d=\"M416 208H272V64c0-17.67-14.33-32-32-32h-32c-17.67 0-32 14.33-32 32v144H32c-17.67 0-32 14.33-32 32v32c0 17.67 14.33 32 32 32h144v144c0 17.67 14.33 32 32 32h32c17.67 0 32-14.33 32-32V304h144c17.67 0 32-14.33 32-32v-32c0-17.67-14.33-32-32-32z\"><\/path><\/svg><\/span>\n\t\t<\/span>\n\n\t\t\t\t\t\t<\/summary>\n\t\t\t\t<div role=\"region\" aria-labelledby=\"e-n-accordion-item-8210\" class=\"elementor-element elementor-element-7fa0eba e-con-full e-flex e-con e-child\" data-id=\"7fa0eba\" data-element_type=\"container\" data-e-type=\"container\" data-settings=\"{&quot;ekit_has_onepagescroll_dot&quot;:&quot;yes&quot;}\">\n\t\t\t\t<div class=\"elementor-element elementor-element-e9af012 elementor-widget elementor-widget-text-editor\" data-id=\"e9af012\" data-element_type=\"widget\" data-e-type=\"widget\" data-settings=\"{&quot;ekit_we_effect_on&quot;:&quot;none&quot;}\" data-widget_type=\"text-editor.default\">\n\t\t\t\t<div class=\"elementor-widget-container\">\n\t\t\t\t\t\t\t\t\t<p id=\"viewer-x3nv210903\" class=\"-Zro6 -ZADH IjV6v AnCKd _57WYp\"><span class=\"d0767\">A energia a biovapor \u00e9 limpa e sustent\u00e1vel. Os combust\u00edveis f\u00f3sseis (tradicionais) s\u00e3o recursos n\u00e3o-renov\u00e1veis, enquanto que a madeira de reflorestamento ou de reuso s\u00e3o combust\u00edveis eficientes e renov\u00e1veis. <\/span><\/p><p id=\"viewer-eeij7\" class=\"-Zro6 -ZADH IjV6v AnCKd _57WYp\"><span class=\"d0767\">Possu\u00edmos certifica\u00e7\u00e3o FSC, o que assegura a proced\u00eancia da madeira utilizada. <\/span><\/p><p id=\"viewer-89v7t\" class=\"-Zro6 -ZADH IjV6v AnCKd _57WYp\"><span class=\"d0767\">Com essa energia a sua empresa reduz a emiss\u00e3o de CO2 na atmosfera. Al\u00e9m disso, at\u00e9 mesmo os res\u00edduos gerados no processo (as cinzas) podem ser reutilizadas como fertilizante.<\/span><\/p>\t\t\t\t\t\t\t\t<\/div>\n\t\t\t\t<\/div>\n\t\t\t\t<\/div>\n\t\t\t\t\t<\/details>\n\t\t\t\t\t\t<details id=\"e-n-accordion-item-8211\" class=\"e-n-accordion-item\" >\n\t\t\t\t<summary class=\"e-n-accordion-item-title\" data-accordion-index=\"2\" tabindex=\"-1\" aria-expanded=\"false\" aria-controls=\"e-n-accordion-item-8211\" >\n\t\t\t\t\t<span class='e-n-accordion-item-title-header'><div class=\"e-n-accordion-item-title-text\"> Tenho que ter uma equipe para gerenciar a Caldeira? <\/div><\/span>\n\t\t\t\t\t\t\t<span class='e-n-accordion-item-title-icon'>\n\t\t\t<span class='e-opened' ><svg aria-hidden=\"true\" class=\"e-font-icon-svg e-fas-minus\" viewBox=\"0 0 448 512\" xmlns=\"http:\/\/www.w3.org\/2000\/svg\"><path d=\"M416 208H32c-17.67 0-32 14.33-32 32v32c0 17.67 14.33 32 32 32h384c17.67 0 32-14.33 32-32v-32c0-17.67-14.33-32-32-32z\"><\/path><\/svg><\/span>\n\t\t\t<span class='e-closed'><svg aria-hidden=\"true\" class=\"e-font-icon-svg e-fas-plus\" viewBox=\"0 0 448 512\" xmlns=\"http:\/\/www.w3.org\/2000\/svg\"><path d=\"M416 208H272V64c0-17.67-14.33-32-32-32h-32c-17.67 0-32 14.33-32 32v144H32c-17.67 0-32 14.33-32 32v32c0 17.67 14.33 32 32 32h144v144c0 17.67 14.33 32 32 32h32c17.67 0 32-14.33 32-32V304h144c17.67 0 32-14.33 32-32v-32c0-17.67-14.33-32-32-32z\"><\/path><\/svg><\/span>\n\t\t<\/span>\n\n\t\t\t\t\t\t<\/summary>\n\t\t\t\t<div role=\"region\" aria-labelledby=\"e-n-accordion-item-8211\" class=\"elementor-element elementor-element-d0ad81c e-con-full e-flex e-con e-child\" data-id=\"d0ad81c\" data-element_type=\"container\" data-e-type=\"container\" data-settings=\"{&quot;ekit_has_onepagescroll_dot&quot;:&quot;yes&quot;}\">\n\t\t\t\t<div class=\"elementor-element elementor-element-682f952 elementor-widget elementor-widget-text-editor\" data-id=\"682f952\" data-element_type=\"widget\" data-e-type=\"widget\" data-settings=\"{&quot;ekit_we_effect_on&quot;:&quot;none&quot;}\" data-widget_type=\"text-editor.default\">\n\t\t\t\t<div class=\"elementor-widget-container\">\n\t\t\t\t\t\t\t\t\t<p id=\"viewer-l6kbe10908\" class=\"-Zro6 -ZADH IjV6v AnCKd _57WYp\"><span class=\"d0767\">Com o servi\u00e7o de Terceiriza\u00e7\u00e3o de Biovapor da Salmeron, sua empresa pode focar naquilo que faz de melhor &#8211; o seu neg\u00f3cio, e deixar a gera\u00e7\u00e3o de energia com a gente!<\/span><\/p><p id=\"viewer-e11c8\" class=\"-Zro6 -ZADH IjV6v AnCKd _57WYp\"><span class=\"d0767\">A Salmeron Energia cuida de todo processo, desde o planejamento do projeto, a implementa\u00e7\u00e3o at\u00e9 a gest\u00e3o e o abastecimento da caldeira. Dedicamos uma equipe especializada para manter sua Caldeira operando a todo vapor. <\/span><\/p><p id=\"viewer-a5n\" class=\"-Zro6 -ZADH IjV6v AnCKd _57WYp\"><span class=\"d0767\">E vale ressaltar que todo investimento em infraestrutura, m\u00e3o de obra e manuten\u00e7\u00f5es fica por conta da Salmeron!<\/span><\/p><div id=\"viewer-794q2\" class=\"-Zro6 -ZADH IjV6v _57WYp\">\u00a0<\/div>\t\t\t\t\t\t\t\t<\/div>\n\t\t\t\t<\/div>\n\t\t\t\t<\/div>\n\t\t\t\t\t<\/details>\n\t\t\t\t\t\t<details id=\"e-n-accordion-item-8212\" class=\"e-n-accordion-item\" >\n\t\t\t\t<summary class=\"e-n-accordion-item-title\" data-accordion-index=\"3\" tabindex=\"-1\" aria-expanded=\"false\" aria-controls=\"e-n-accordion-item-8212\" >\n\t\t\t\t\t<span class='e-n-accordion-item-title-header'><div class=\"e-n-accordion-item-title-text\"> Esta solu\u00e7\u00e3o \u00e9 mais cara? <\/div><\/span>\n\t\t\t\t\t\t\t<span class='e-n-accordion-item-title-icon'>\n\t\t\t<span class='e-opened' ><svg aria-hidden=\"true\" class=\"e-font-icon-svg e-fas-minus\" viewBox=\"0 0 448 512\" xmlns=\"http:\/\/www.w3.org\/2000\/svg\"><path d=\"M416 208H32c-17.67 0-32 14.33-32 32v32c0 17.67 14.33 32 32 32h384c17.67 0 32-14.33 32-32v-32c0-17.67-14.33-32-32-32z\"><\/path><\/svg><\/span>\n\t\t\t<span class='e-closed'><svg aria-hidden=\"true\" class=\"e-font-icon-svg e-fas-plus\" viewBox=\"0 0 448 512\" xmlns=\"http:\/\/www.w3.org\/2000\/svg\"><path d=\"M416 208H272V64c0-17.67-14.33-32-32-32h-32c-17.67 0-32 14.33-32 32v144H32c-17.67 0-32 14.33-32 32v32c0 17.67 14.33 32 32 32h144v144c0 17.67 14.33 32 32 32h32c17.67 0 32-14.33 32-32V304h144c17.67 0 32-14.33 32-32v-32c0-17.67-14.33-32-32-32z\"><\/path><\/svg><\/span>\n\t\t<\/span>\n\n\t\t\t\t\t\t<\/summary>\n\t\t\t\t<div role=\"region\" aria-labelledby=\"e-n-accordion-item-8212\" class=\"elementor-element elementor-element-86ff9c5 e-con-full e-flex e-con e-child\" data-id=\"86ff9c5\" data-element_type=\"container\" data-e-type=\"container\" data-settings=\"{&quot;ekit_has_onepagescroll_dot&quot;:&quot;yes&quot;}\">\n\t\t\t\t<div class=\"elementor-element elementor-element-8cebecd elementor-widget elementor-widget-text-editor\" data-id=\"8cebecd\" data-element_type=\"widget\" data-e-type=\"widget\" data-settings=\"{&quot;ekit_we_effect_on&quot;:&quot;none&quot;}\" data-widget_type=\"text-editor.default\">\n\t\t\t\t<div class=\"elementor-widget-container\">\n\t\t\t\t\t\t\t\t\t<p id=\"viewer-7wg8f10939\" class=\"-Zro6 -ZADH IjV6v AnCKd _57WYp\"><span class=\"d0767\">Esta \u00e9 uma solu\u00e7\u00e3o muito mais econ\u00f4mica para sua empresa! Com a ado\u00e7\u00e3o da Terceiriza\u00e7\u00e3o de Biovapor \u00e9 poss\u00edvel reduzir os custos mensais em at\u00e9 20%. As Caldeiras abastecidas com g\u00e1s natural ou outros combust\u00edveis f\u00f3sseis sofrem com a forte varia\u00e7\u00e3o de pre\u00e7o, ou seja, quanto mais escassos, mais caros eles se tornam. Essa varia\u00e7\u00e3o n\u00e3o acontece com o combust\u00edvel \u00e0 biomassa, cujo valor \u00e9 estabelecido e fixado conforme GMP e\/ou IPCA.<\/span><\/p><p id=\"viewer-d87qd\" class=\"-Zro6 -ZADH IjV6v AnCKd _57WYp\"><span class=\"d0767\">Al\u00e9m disso, todos os investimentos em infraestrutura, m\u00e3o de obra e manuten\u00e7\u00f5es ficam por conta 100% da Salmeron Energia.<\/span><\/p>\t\t\t\t\t\t\t\t<\/div>\n\t\t\t\t<\/div>\n\t\t\t\t<\/div>\n\t\t\t\t\t<\/details>\n\t\t\t\t\t\t<details id=\"e-n-accordion-item-8213\" class=\"e-n-accordion-item\" >\n\t\t\t\t<summary class=\"e-n-accordion-item-title\" data-accordion-index=\"4\" tabindex=\"-1\" aria-expanded=\"false\" aria-controls=\"e-n-accordion-item-8213\" >\n\t\t\t\t\t<span class='e-n-accordion-item-title-header'><div class=\"e-n-accordion-item-title-text\"> Quem garante o abastecimento da Caldeira? <\/div><\/span>\n\t\t\t\t\t\t\t<span class='e-n-accordion-item-title-icon'>\n\t\t\t<span class='e-opened' ><svg aria-hidden=\"true\" class=\"e-font-icon-svg e-fas-minus\" viewBox=\"0 0 448 512\" xmlns=\"http:\/\/www.w3.org\/2000\/svg\"><path d=\"M416 208H32c-17.67 0-32 14.33-32 32v32c0 17.67 14.33 32 32 32h384c17.67 0 32-14.33 32-32v-32c0-17.67-14.33-32-32-32z\"><\/path><\/svg><\/span>\n\t\t\t<span class='e-closed'><svg aria-hidden=\"true\" class=\"e-font-icon-svg e-fas-plus\" viewBox=\"0 0 448 512\" xmlns=\"http:\/\/www.w3.org\/2000\/svg\"><path d=\"M416 208H272V64c0-17.67-14.33-32-32-32h-32c-17.67 0-32 14.33-32 32v144H32c-17.67 0-32 14.33-32 32v32c0 17.67 14.33 32 32 32h144v144c0 17.67 14.33 32 32 32h32c17.67 0 32-14.33 32-32V304h144c17.67 0 32-14.33 32-32v-32c0-17.67-14.33-32-32-32z\"><\/path><\/svg><\/span>\n\t\t<\/span>\n\n\t\t\t\t\t\t<\/summary>\n\t\t\t\t<div role=\"region\" aria-labelledby=\"e-n-accordion-item-8213\" class=\"elementor-element elementor-element-fd7358c e-con-full e-flex e-con e-child\" data-id=\"fd7358c\" data-element_type=\"container\" data-e-type=\"container\" data-settings=\"{&quot;ekit_has_onepagescroll_dot&quot;:&quot;yes&quot;}\">\n\t\t\t\t<div class=\"elementor-element elementor-element-84808c3 elementor-widget elementor-widget-text-editor\" data-id=\"84808c3\" data-element_type=\"widget\" data-e-type=\"widget\" data-settings=\"{&quot;ekit_we_effect_on&quot;:&quot;none&quot;}\" data-widget_type=\"text-editor.default\">\n\t\t\t\t<div class=\"elementor-widget-container\">\n\t\t\t\t\t\t\t\t\t<p id=\"viewer-7wg8f10939\" class=\"-Zro6 -ZADH IjV6v AnCKd _57WYp\">A Salmeron Energia garante o abastecimento de sua Caldeira e com exclusividade, para que ela opere dentro de sua necessidade. Temos total autonomia de abastecimento, pois produzimos a biomassa e transportamos. Al\u00e9m disso, fazemos a gest\u00e3o completa do seu consumo e descartamos as cinzas geradas, sempre dentro das leis aplic\u00e1veis.<\/p>\t\t\t\t\t\t\t\t<\/div>\n\t\t\t\t<\/div>\n\t\t\t\t<\/div>\n\t\t\t\t\t<\/details>\n\t\t\t\t\t\t<details id=\"e-n-accordion-item-8214\" class=\"e-n-accordion-item\" >\n\t\t\t\t<summary class=\"e-n-accordion-item-title\" data-accordion-index=\"5\" tabindex=\"-1\" aria-expanded=\"false\" aria-controls=\"e-n-accordion-item-8214\" >\n\t\t\t\t\t<span class='e-n-accordion-item-title-header'><div class=\"e-n-accordion-item-title-text\"> \u00c9 seguro utilizar essa Caldeira? <\/div><\/span>\n\t\t\t\t\t\t\t<span class='e-n-accordion-item-title-icon'>\n\t\t\t<span class='e-opened' ><svg aria-hidden=\"true\" class=\"e-font-icon-svg e-fas-minus\" viewBox=\"0 0 448 512\" xmlns=\"http:\/\/www.w3.org\/2000\/svg\"><path d=\"M416 208H32c-17.67 0-32 14.33-32 32v32c0 17.67 14.33 32 32 32h384c17.67 0 32-14.33 32-32v-32c0-17.67-14.33-32-32-32z\"><\/path><\/svg><\/span>\n\t\t\t<span class='e-closed'><svg aria-hidden=\"true\" class=\"e-font-icon-svg e-fas-plus\" viewBox=\"0 0 448 512\" xmlns=\"http:\/\/www.w3.org\/2000\/svg\"><path d=\"M416 208H272V64c0-17.67-14.33-32-32-32h-32c-17.67 0-32 14.33-32 32v144H32c-17.67 0-32 14.33-32 32v32c0 17.67 14.33 32 32 32h144v144c0 17.67 14.33 32 32 32h32c17.67 0 32-14.33 32-32V304h144c17.67 0 32-14.33 32-32v-32c0-17.67-14.33-32-32-32z\"><\/path><\/svg><\/span>\n\t\t<\/span>\n\n\t\t\t\t\t\t<\/summary>\n\t\t\t\t<div role=\"region\" aria-labelledby=\"e-n-accordion-item-8214\" class=\"elementor-element elementor-element-8938818 e-con-full e-flex e-con e-child\" data-id=\"8938818\" data-element_type=\"container\" data-e-type=\"container\" data-settings=\"{&quot;ekit_has_onepagescroll_dot&quot;:&quot;yes&quot;}\">\n\t\t\t\t<div class=\"elementor-element elementor-element-864404a elementor-widget elementor-widget-text-editor\" data-id=\"864404a\" data-element_type=\"widget\" data-e-type=\"widget\" data-settings=\"{&quot;ekit_we_effect_on&quot;:&quot;none&quot;}\" data-widget_type=\"text-editor.default\">\n\t\t\t\t<div class=\"elementor-widget-container\">\n\t\t\t\t\t\t\t\t\t<p id=\"viewer-7wg8f10939\" class=\"-Zro6 -ZADH IjV6v AnCKd _57WYp\">As Caldeiras de Biovapor da Salmeron est\u00e3o em atendimento \u00e0 NR13 e NR12. A atividade \u00e9 altamente segura para a m\u00e3o de obra, pois n\u00e3o sofre periculosidade por inala\u00e7\u00e3o, ru\u00eddos de impacto, radia\u00e7\u00f5es ionizantes e n\u00e3o-ionizantes, vibra\u00e7\u00e3o ou agentes qu\u00edmicos\/biol\u00f3gicos. Tamb\u00e9m n\u00e3o possui risco de explos\u00e3o e \u00e9 operada por nossos especialistas.<\/p>\t\t\t\t\t\t\t\t<\/div>\n\t\t\t\t<\/div>\n\t\t\t\t<\/div>\n\t\t\t\t\t<\/details>\n\t\t\t\t\t\t<details id=\"e-n-accordion-item-8215\" class=\"e-n-accordion-item\" >\n\t\t\t\t<summary class=\"e-n-accordion-item-title\" data-accordion-index=\"6\" tabindex=\"-1\" aria-expanded=\"false\" aria-controls=\"e-n-accordion-item-8215\" >\n\t\t\t\t\t<span class='e-n-accordion-item-title-header'><div class=\"e-n-accordion-item-title-text\"> Isso \u00e9 positivo para o Marketing da minha empresa? <\/div><\/span>\n\t\t\t\t\t\t\t<span class='e-n-accordion-item-title-icon'>\n\t\t\t<span class='e-opened' ><svg aria-hidden=\"true\" class=\"e-font-icon-svg e-fas-minus\" viewBox=\"0 0 448 512\" xmlns=\"http:\/\/www.w3.org\/2000\/svg\"><path d=\"M416 208H32c-17.67 0-32 14.33-32 32v32c0 17.67 14.33 32 32 32h384c17.67 0 32-14.33 32-32v-32c0-17.67-14.33-32-32-32z\"><\/path><\/svg><\/span>\n\t\t\t<span class='e-closed'><svg aria-hidden=\"true\" class=\"e-font-icon-svg e-fas-plus\" viewBox=\"0 0 448 512\" xmlns=\"http:\/\/www.w3.org\/2000\/svg\"><path d=\"M416 208H272V64c0-17.67-14.33-32-32-32h-32c-17.67 0-32 14.33-32 32v144H32c-17.67 0-32 14.33-32 32v32c0 17.67 14.33 32 32 32h144v144c0 17.67 14.33 32 32 32h32c17.67 0 32-14.33 32-32V304h144c17.67 0 32-14.33 32-32v-32c0-17.67-14.33-32-32-32z\"><\/path><\/svg><\/span>\n\t\t<\/span>\n\n\t\t\t\t\t\t<\/summary>\n\t\t\t\t<div role=\"region\" aria-labelledby=\"e-n-accordion-item-8215\" class=\"elementor-element elementor-element-3908ad2 e-con-full e-flex e-con e-child\" data-id=\"3908ad2\" data-element_type=\"container\" data-e-type=\"container\" data-settings=\"{&quot;ekit_has_onepagescroll_dot&quot;:&quot;yes&quot;}\">\n\t\t\t\t<div class=\"elementor-element elementor-element-cc4ecb5 elementor-widget elementor-widget-text-editor\" data-id=\"cc4ecb5\" data-element_type=\"widget\" data-e-type=\"widget\" data-settings=\"{&quot;ekit_we_effect_on&quot;:&quot;none&quot;}\" data-widget_type=\"text-editor.default\">\n\t\t\t\t<div class=\"elementor-widget-container\">\n\t\t\t\t\t\t\t\t\t<p id=\"viewer-7wg8f10939\" class=\"-Zro6 -ZADH IjV6v AnCKd _57WYp\">Utilizar energia renov\u00e1vel em seus processos \u00e9 uma atitude sustent\u00e1vel que demonstra a preocupa\u00e7\u00e3o da sua empresa com o meio ambiente. Com atitudes ecologicamente respons\u00e1veis, sua empresa ser\u00e1 reconhecidas pelo mercado, pelos consumidores e investidores como uma marca preocupada com a sustentabilidade.<\/p>\t\t\t\t\t\t\t\t<\/div>\n\t\t\t\t<\/div>\n\t\t\t\t<\/div>\n\t\t\t\t\t<\/details>\n\t\t\t\t\t<\/div>\n\t\t\t\t\t\t<\/div>\n\t\t\t\t<\/div>\n\t\t\t\t\t<\/div>\n\t\t\t\t<\/div>\n\t\t<div class=\"elementor-element elementor-element-b373396 e-flex e-con-boxed e-con e-parent\" data-id=\"b373396\" data-element_type=\"container\" data-e-type=\"container\" id=\"certificacoes\" data-settings=\"{&quot;ekit_has_onepagescroll_dot&quot;:&quot;yes&quot;}\">\n\t\t\t\t\t<div class=\"e-con-inner\">\n\t\t\t\t<div class=\"elementor-element elementor-element-3bc67a4 elementor-widget elementor-widget-image\" data-id=\"3bc67a4\" data-element_type=\"widget\" data-e-type=\"widget\" data-settings=\"{&quot;ekit_we_effect_on&quot;:&quot;none&quot;}\" data-widget_type=\"image.default\">\n\t\t\t\t<div class=\"elementor-widget-container\">\n\t\t\t\t\t\t\t\t\t\t\t\t\t\t\t<img fetchpriority=\"high\" decoding=\"async\" width=\"800\" height=\"127\" src=\"https:\/\/gruposalmeron.com.br\/ambiental\/wp-content\/uploads\/2025\/06\/SELOS-1024x162.png\" class=\"attachment-large size-large wp-image-3385\" alt=\"\" srcset=\"https:\/\/gruposalmeron.com.br\/ambiental\/wp-content\/uploads\/2025\/06\/SELOS-1024x162.png 1024w, https:\/\/gruposalmeron.com.br\/ambiental\/wp-content\/uploads\/2025\/06\/SELOS-300x47.png 300w, https:\/\/gruposalmeron.com.br\/ambiental\/wp-content\/uploads\/2025\/06\/SELOS-768x121.png 768w, https:\/\/gruposalmeron.com.br\/ambiental\/wp-content\/uploads\/2025\/06\/SELOS-1536x243.png 1536w, https:\/\/gruposalmeron.com.br\/ambiental\/wp-content\/uploads\/2025\/06\/SELOS-2048x323.png 2048w\" sizes=\"(max-width: 800px) 100vw, 800px\" \/>\t\t\t\t\t\t\t\t\t\t\t\t\t\t\t<\/div>\n\t\t\t\t<\/div>\n\t\t\t\t\t<\/div>\n\t\t\t\t<\/div>\n\t\t\t\t<\/div>\n\t\t","protected":false},"excerpt":{"rendered":"<p>Gest\u00e3o Global de Res\u00edduos Gerenciamento de Res\u00edduos Industriais A Salmeron Ambiental realiza a gest\u00e3o completa de res\u00edduos industriais. Com mais de 40 anos de experi\u00eancia no mercado, garantimos a destina\u00e7\u00e3o correta e respons\u00e1vel dos res\u00edduos gerados por sua empresa. \u200bO gerenciamento de res\u00edduos industriais da Salmeron atua desde o armazenamento, coleta, transporte, classifica\u00e7\u00e3o e beneficiamento [&hellip;]<\/p>\n","protected":false},"author":1,"featured_media":0,"parent":0,"menu_order":0,"comment_status":"closed","ping_status":"closed","template":"","meta":{"footnotes":""},"class_list":["post-2772","page","type-page","status-publish","hentry"],"yoast_head":"<!-- This site is optimized with the Yoast SEO plugin v27.5 - https:\/\/yoast.com\/product\/yoast-seo-wordpress\/ -->\n<title>Gestao de Res\u00edduos - Grupo Salmeron - Ambiental<\/title>\n<meta name=\"robots\" content=\"index, follow, max-snippet:-1, max-image-preview:large, max-video-preview:-1\" \/>\n<link rel=\"canonical\" href=\"https:\/\/gruposalmeron.com.br\/ambiental\/gestao-residuos-2\/\" \/>\n<meta property=\"og:locale\" content=\"pt_BR\" \/>\n<meta property=\"og:type\" content=\"article\" \/>\n<meta property=\"og:title\" content=\"Gestao de Res\u00edduos - Grupo Salmeron - Ambiental\" \/>\n<meta property=\"og:description\" content=\"Gest\u00e3o Global de Res\u00edduos Gerenciamento de Res\u00edduos Industriais A Salmeron Ambiental realiza a gest\u00e3o completa de res\u00edduos industriais. Com mais de 40 anos de experi\u00eancia no mercado, garantimos a destina\u00e7\u00e3o correta e respons\u00e1vel dos res\u00edduos gerados por sua empresa. \u200bO gerenciamento de res\u00edduos industriais da Salmeron atua desde o armazenamento, coleta, transporte, classifica\u00e7\u00e3o e beneficiamento [&hellip;]\" \/>\n<meta property=\"og:url\" content=\"https:\/\/gruposalmeron.com.br\/ambiental\/gestao-residuos-2\/\" \/>\n<meta property=\"og:site_name\" content=\"Grupo Salmeron - Ambiental\" \/>\n<meta property=\"article:publisher\" content=\"https:\/\/www.facebook.com\/gruposalmeron\/\" \/>\n<meta property=\"article:modified_time\" content=\"2025-06-12T18:46:19+00:00\" \/>\n<meta property=\"og:image\" content=\"https:\/\/gruposalmeron.com.br\/ambiental\/wp-content\/uploads\/2025\/06\/SELOS.png\" \/>\n\t<meta property=\"og:image:width\" content=\"2400\" \/>\n\t<meta property=\"og:image:height\" content=\"379\" \/>\n\t<meta property=\"og:image:type\" content=\"image\/png\" \/>\n<meta name=\"twitter:card\" content=\"summary_large_image\" \/>\n<meta name=\"twitter:label1\" content=\"Est. tempo de leitura\" \/>\n\t<meta name=\"twitter:data1\" content=\"6 minutos\" \/>\n<script type=\"application\/ld+json\" class=\"yoast-schema-graph\">{\"@context\":\"https:\\\/\\\/schema.org\",\"@graph\":[{\"@type\":\"WebPage\",\"@id\":\"https:\\\/\\\/gruposalmeron.com.br\\\/ambiental\\\/gestao-residuos-2\\\/\",\"url\":\"https:\\\/\\\/gruposalmeron.com.br\\\/ambiental\\\/gestao-residuos-2\\\/\",\"name\":\"Gestao de Res\u00edduos - Grupo Salmeron - Ambiental\",\"isPartOf\":{\"@id\":\"https:\\\/\\\/gruposalmeron.com.br\\\/ambiental\\\/#website\"},\"primaryImageOfPage\":{\"@id\":\"https:\\\/\\\/gruposalmeron.com.br\\\/ambiental\\\/gestao-residuos-2\\\/#primaryimage\"},\"image\":{\"@id\":\"https:\\\/\\\/gruposalmeron.com.br\\\/ambiental\\\/gestao-residuos-2\\\/#primaryimage\"},\"thumbnailUrl\":\"https:\\\/\\\/gruposalmeron.com.br\\\/ambiental\\\/wp-content\\\/uploads\\\/2025\\\/06\\\/SELOS-1024x162.png\",\"datePublished\":\"2024-01-27T15:45:44+00:00\",\"dateModified\":\"2025-06-12T18:46:19+00:00\",\"breadcrumb\":{\"@id\":\"https:\\\/\\\/gruposalmeron.com.br\\\/ambiental\\\/gestao-residuos-2\\\/#breadcrumb\"},\"inLanguage\":\"pt-BR\",\"potentialAction\":[{\"@type\":\"ReadAction\",\"target\":[\"https:\\\/\\\/gruposalmeron.com.br\\\/ambiental\\\/gestao-residuos-2\\\/\"]}]},{\"@type\":\"ImageObject\",\"inLanguage\":\"pt-BR\",\"@id\":\"https:\\\/\\\/gruposalmeron.com.br\\\/ambiental\\\/gestao-residuos-2\\\/#primaryimage\",\"url\":\"https:\\\/\\\/gruposalmeron.com.br\\\/ambiental\\\/wp-content\\\/uploads\\\/2025\\\/06\\\/SELOS.png\",\"contentUrl\":\"https:\\\/\\\/gruposalmeron.com.br\\\/ambiental\\\/wp-content\\\/uploads\\\/2025\\\/06\\\/SELOS.png\",\"width\":2400,\"height\":379},{\"@type\":\"BreadcrumbList\",\"@id\":\"https:\\\/\\\/gruposalmeron.com.br\\\/ambiental\\\/gestao-residuos-2\\\/#breadcrumb\",\"itemListElement\":[{\"@type\":\"ListItem\",\"position\":1,\"name\":\"In\u00edcio\",\"item\":\"https:\\\/\\\/gruposalmeron.com.br\\\/ambiental\\\/\"},{\"@type\":\"ListItem\",\"position\":2,\"name\":\"Gestao de Res\u00edduos\"}]},{\"@type\":\"WebSite\",\"@id\":\"https:\\\/\\\/gruposalmeron.com.br\\\/ambiental\\\/#website\",\"url\":\"https:\\\/\\\/gruposalmeron.com.br\\\/ambiental\\\/\",\"name\":\"Grupo Salmeron - Gest\u00e3o de Res\u00edduos - Reciclagem de Madeira\",\"description\":\"Grupo Salmeron - Ambiental\",\"publisher\":{\"@id\":\"https:\\\/\\\/gruposalmeron.com.br\\\/ambiental\\\/#organization\"},\"potentialAction\":[{\"@type\":\"SearchAction\",\"target\":{\"@type\":\"EntryPoint\",\"urlTemplate\":\"https:\\\/\\\/gruposalmeron.com.br\\\/ambiental\\\/?s={search_term_string}\"},\"query-input\":{\"@type\":\"PropertyValueSpecification\",\"valueRequired\":true,\"valueName\":\"search_term_string\"}}],\"inLanguage\":\"pt-BR\"},{\"@type\":\"Organization\",\"@id\":\"https:\\\/\\\/gruposalmeron.com.br\\\/ambiental\\\/#organization\",\"name\":\"Grupo Salmeron - Gest\u00e3o de Res\u00edduos - Reciclagem de Madeira\",\"url\":\"https:\\\/\\\/gruposalmeron.com.br\\\/ambiental\\\/\",\"logo\":{\"@type\":\"ImageObject\",\"inLanguage\":\"pt-BR\",\"@id\":\"https:\\\/\\\/gruposalmeron.com.br\\\/ambiental\\\/#\\\/schema\\\/logo\\\/image\\\/\",\"url\":\"https:\\\/\\\/gruposalmeron.com.br\\\/ambiental\\\/wp-content\\\/uploads\\\/2023\\\/12\\\/gruposalmeron-reciclagem-de-madeira.webp\",\"contentUrl\":\"https:\\\/\\\/gruposalmeron.com.br\\\/ambiental\\\/wp-content\\\/uploads\\\/2023\\\/12\\\/gruposalmeron-reciclagem-de-madeira.webp\",\"width\":156,\"height\":43,\"caption\":\"Grupo Salmeron - Gest\u00e3o de Res\u00edduos - Reciclagem de Madeira\"},\"image\":{\"@id\":\"https:\\\/\\\/gruposalmeron.com.br\\\/ambiental\\\/#\\\/schema\\\/logo\\\/image\\\/\"},\"sameAs\":[\"https:\\\/\\\/www.facebook.com\\\/gruposalmeron\\\/\"]}]}<\/script>\n<!-- \/ Yoast SEO plugin. -->","yoast_head_json":{"title":"Gestao de Res\u00edduos - Grupo Salmeron - Ambiental","robots":{"index":"index","follow":"follow","max-snippet":"max-snippet:-1","max-image-preview":"max-image-preview:large","max-video-preview":"max-video-preview:-1"},"canonical":"https:\/\/gruposalmeron.com.br\/ambiental\/gestao-residuos-2\/","og_locale":"pt_BR","og_type":"article","og_title":"Gestao de Res\u00edduos - Grupo Salmeron - Ambiental","og_description":"Gest\u00e3o Global de Res\u00edduos Gerenciamento de Res\u00edduos Industriais A Salmeron Ambiental realiza a gest\u00e3o completa de res\u00edduos industriais. Com mais de 40 anos de experi\u00eancia no mercado, garantimos a destina\u00e7\u00e3o correta e respons\u00e1vel dos res\u00edduos gerados por sua empresa. \u200bO gerenciamento de res\u00edduos industriais da Salmeron atua desde o armazenamento, coleta, transporte, classifica\u00e7\u00e3o e beneficiamento [&hellip;]","og_url":"https:\/\/gruposalmeron.com.br\/ambiental\/gestao-residuos-2\/","og_site_name":"Grupo Salmeron - Ambiental","article_publisher":"https:\/\/www.facebook.com\/gruposalmeron\/","article_modified_time":"2025-06-12T18:46:19+00:00","og_image":[{"width":2400,"height":379,"url":"https:\/\/gruposalmeron.com.br\/ambiental\/wp-content\/uploads\/2025\/06\/SELOS.png","type":"image\/png"}],"twitter_card":"summary_large_image","twitter_misc":{"Est. tempo de leitura":"6 minutos"},"schema":{"@context":"https:\/\/schema.org","@graph":[{"@type":"WebPage","@id":"https:\/\/gruposalmeron.com.br\/ambiental\/gestao-residuos-2\/","url":"https:\/\/gruposalmeron.com.br\/ambiental\/gestao-residuos-2\/","name":"Gestao de Res\u00edduos - Grupo Salmeron - Ambiental","isPartOf":{"@id":"https:\/\/gruposalmeron.com.br\/ambiental\/#website"},"primaryImageOfPage":{"@id":"https:\/\/gruposalmeron.com.br\/ambiental\/gestao-residuos-2\/#primaryimage"},"image":{"@id":"https:\/\/gruposalmeron.com.br\/ambiental\/gestao-residuos-2\/#primaryimage"},"thumbnailUrl":"https:\/\/gruposalmeron.com.br\/ambiental\/wp-content\/uploads\/2025\/06\/SELOS-1024x162.png","datePublished":"2024-01-27T15:45:44+00:00","dateModified":"2025-06-12T18:46:19+00:00","breadcrumb":{"@id":"https:\/\/gruposalmeron.com.br\/ambiental\/gestao-residuos-2\/#breadcrumb"},"inLanguage":"pt-BR","potentialAction":[{"@type":"ReadAction","target":["https:\/\/gruposalmeron.com.br\/ambiental\/gestao-residuos-2\/"]}]},{"@type":"ImageObject","inLanguage":"pt-BR","@id":"https:\/\/gruposalmeron.com.br\/ambiental\/gestao-residuos-2\/#primaryimage","url":"https:\/\/gruposalmeron.com.br\/ambiental\/wp-content\/uploads\/2025\/06\/SELOS.png","contentUrl":"https:\/\/gruposalmeron.com.br\/ambiental\/wp-content\/uploads\/2025\/06\/SELOS.png","width":2400,"height":379},{"@type":"BreadcrumbList","@id":"https:\/\/gruposalmeron.com.br\/ambiental\/gestao-residuos-2\/#breadcrumb","itemListElement":[{"@type":"ListItem","position":1,"name":"In\u00edcio","item":"https:\/\/gruposalmeron.com.br\/ambiental\/"},{"@type":"ListItem","position":2,"name":"Gestao de Res\u00edduos"}]},{"@type":"WebSite","@id":"https:\/\/gruposalmeron.com.br\/ambiental\/#website","url":"https:\/\/gruposalmeron.com.br\/ambiental\/","name":"Grupo Salmeron - Gest\u00e3o de Res\u00edduos - Reciclagem de Madeira","description":"Grupo Salmeron - Ambiental","publisher":{"@id":"https:\/\/gruposalmeron.com.br\/ambiental\/#organization"},"potentialAction":[{"@type":"SearchAction","target":{"@type":"EntryPoint","urlTemplate":"https:\/\/gruposalmeron.com.br\/ambiental\/?s={search_term_string}"},"query-input":{"@type":"PropertyValueSpecification","valueRequired":true,"valueName":"search_term_string"}}],"inLanguage":"pt-BR"},{"@type":"Organization","@id":"https:\/\/gruposalmeron.com.br\/ambiental\/#organization","name":"Grupo Salmeron - Gest\u00e3o de Res\u00edduos - Reciclagem de Madeira","url":"https:\/\/gruposalmeron.com.br\/ambiental\/","logo":{"@type":"ImageObject","inLanguage":"pt-BR","@id":"https:\/\/gruposalmeron.com.br\/ambiental\/#\/schema\/logo\/image\/","url":"https:\/\/gruposalmeron.com.br\/ambiental\/wp-content\/uploads\/2023\/12\/gruposalmeron-reciclagem-de-madeira.webp","contentUrl":"https:\/\/gruposalmeron.com.br\/ambiental\/wp-content\/uploads\/2023\/12\/gruposalmeron-reciclagem-de-madeira.webp","width":156,"height":43,"caption":"Grupo Salmeron - Gest\u00e3o de Res\u00edduos - Reciclagem de Madeira"},"image":{"@id":"https:\/\/gruposalmeron.com.br\/ambiental\/#\/schema\/logo\/image\/"},"sameAs":["https:\/\/www.facebook.com\/gruposalmeron\/"]}]}},"_links":{"self":[{"href":"https:\/\/gruposalmeron.com.br\/ambiental\/wp-json\/wp\/v2\/pages\/2772","targetHints":{"allow":["GET"]}}],"collection":[{"href":"https:\/\/gruposalmeron.com.br\/ambiental\/wp-json\/wp\/v2\/pages"}],"about":[{"href":"https:\/\/gruposalmeron.com.br\/ambiental\/wp-json\/wp\/v2\/types\/page"}],"author":[{"embeddable":true,"href":"https:\/\/gruposalmeron.com.br\/ambiental\/wp-json\/wp\/v2\/users\/1"}],"replies":[{"embeddable":true,"href":"https:\/\/gruposalmeron.com.br\/ambiental\/wp-json\/wp\/v2\/comments?post=2772"}],"version-history":[{"count":6,"href":"https:\/\/gruposalmeron.com.br\/ambiental\/wp-json\/wp\/v2\/pages\/2772\/revisions"}],"predecessor-version":[{"id":3398,"href":"https:\/\/gruposalmeron.com.br\/ambiental\/wp-json\/wp\/v2\/pages\/2772\/revisions\/3398"}],"wp:attachment":[{"href":"https:\/\/gruposalmeron.com.br\/ambiental\/wp-json\/wp\/v2\/media?parent=2772"}],"curies":[{"name":"wp","href":"https:\/\/api.w.org\/{rel}","templated":true}]}}